{"id":124,"date":"2023-12-22T07:58:59","date_gmt":"2023-12-22T07:58:59","guid":{"rendered":"https:\/\/www.smart-train-lease.com\/?page_id=124"},"modified":"2026-01-26T14:24:28","modified_gmt":"2026-01-26T14:24:28","slug":"loesungen-und-services","status":"publish","type":"page","link":"https:\/\/www.smart-train-lease.com\/de\/loesungen-und-services\/","title":{"rendered":"L\u00f6sungen und Services"},"content":{"rendered":"\t\t<section class=\"snk-stage snk-bg_3\">\n\t\t\t<div class=\"container\">\n\t\t\t\t<div class=\"row\">\n\t\t\t\t\t<div class=\"col-12 col-lg-6\">\n\t\t\t\t\t\t<div class=\"snk-stage-copy\">\n\t\t\t\t\t\t\t\t\t\t\t\t\t\t\t<div class=\"snk-roofline\">Flexibel und smart<\/div>\n\t\t\t\t\t\t\t\n\t\t\t\t\t\t\t\t\t\t\t\t\t\t\t<h1 class=\"snk-h1-display\">L\u00f6sungen und Services<\/h1>\n\t\t\t\t\t\t\t\n\t\t\t\t\t\t\t\t\t\t\t\t\t\t\t<p class=\"snk-text_xl\">Profitieren Sie von state-of-the-art Fahrzeugen, fairen Konditionen und flexiblen Service-Paketen.<\/p>\n\t\t\t\t\t\t\t\n\t\t\t\t\t\t\t\t\t\t\t\t\t<\/div>\n\t\t\t\t\t<\/div>\n\t\t\t\t\t\t\t\t\t\t\t<div class=\"col-12 col-lg-6\">\n\t\t\t\t\t\t<div class=\"snk-stage-image snk-stage-image_padTop\">\n\t\t\t\t\t\t\t<picture>\n\t\t\t\t\t\t\t\t<source media=\"(max-width: 1023px)\" srcset=\"https:\/\/www.smart-train-lease.com\/wp-content\/uploads\/2024\/02\/flexible-loesungen-fuer-den-bahnbetrieb-mobile.webp\" \/>\n\t\t\t\t\t\t\t\t<source media=\"(min-width: 1024px)\" srcset=\"https:\/\/www.smart-train-lease.com\/wp-content\/uploads\/2024\/02\/flexible-loesungen-fuer-den-bahnbetrieb.webp\" \/>\n\t\t\t\t\t\t\t\t<img decoding=\"async\" src=\"https:\/\/www.smart-train-lease.com\/wp-content\/uploads\/2024\/02\/flexible-loesungen-fuer-den-bahnbetrieb.webp\" alt=\"Eine Service-Mitarbeiterin steht unter einem Zug und f\u00fchrt eine Inspektion durch\" title=\"\" \/>\n\t\t\t\t\t\t\t<\/picture>\n\t\t\t\t\t\t<\/div>\n\t\t\t\t\t<\/div>\n\t\t\t\t\t\t\t\t\t\t\n\t\t\t\t<\/div>\n\t\t\t<\/div>\n\t\t<\/section>\n\n\t\t\n\n\t<section class=\"snk-textTeaser snk-section snk-textTeaser_list snk-section-text snk-bg_3 \">\n\t\t<div class=\"container\">\n\t\t\t<div class=\"row\">\n\n\t\t\t\t<div class=\"col-lg-5 col-xl-5 snk-textTeaser-left\">\n\t\t\t\t\t\t\t\t\t\t\t<h2 class=\"snk-h1\">Der Mireo Smart im \u00dcberblick<\/h2>\n\t\t\t\t\t\t\t\t\t\t\t\t\t\t\t\t\t\t\t\t\t<div class=\"snk-textTeaser-line snk-textTeaser-line_1\"><svg xmlns=\"http:\/\/www.w3.org\/2000\/svg\" width=\"328\" height=\"512\" fill=\"none\" viewBox=\"0 0 328 512\"><path stroke=\"#E0FA8A\" stroke-miterlimit=\"10\" stroke-width=\"12\" d=\"m10.7 1-.8 34.7v-1.6c0 37 28.3 67 63.3 67h185.9c34.8 0 62.9 30 62.9 67s-28.2 67-62.9 67H69.9c-34.9 0-63.1 30-63.1 67V511\" \/><\/svg><\/div>\n\t\t\t\t\t\t\t\t\t<\/div>\n\n\t\t\t\t\t\t\t\t<div class=\"col-lg-7 offset-xl-1 col-xl-6 snk-textTeaser-right\">\n\n\t\t\t\t\t<div class=\"row\">\n\n\t\t\t\t\t\n\t\t\t\t\t\t<div class=\"col-12\">\n\n\t\t\t\t\t\t\t<div class=\"snk-textTeaser-block\">\n\t\t\t\t\t\t\t\t\t\t\t\t\t\t\t\t\t\t\t\t\t\t\t\t\t<h5>Immer der passende Zug<\/h5>\t\t\t\t\t\t\t\t\t\t\t\t\t\t\t\t\t\t\t\t\t\t\t\t\t<p>Durch den Einsatz von betriebsbereiten und zugelassenen Z\u00fcgen der neuesten Generation garantieren wir eine hohe Zuverl\u00e4ssigkeit f\u00fcr einen pu\u0308nktlichen und wirtschaftlichen Betrieb.<br \/>\nWir vermieten den Mireo Smart als kuppelbares 2- und 3-teiliges Regionalverkehrsfahrzeug in den Antriebsvarianten elektrisch, Batterie oder Wasserstoff. <\/p>\n\t\t\t\t\t\t\t\t\t\t\t\t\t\t\t\t\t\t\t\t\t\t\t<\/div>\n\n\t\t\t\t\t\t<\/div>\n\n\t\t\t\t\t\n\t\t\t\t\t\t<div class=\"col-12\">\n\n\t\t\t\t\t\t\t<div class=\"snk-textTeaser-block\">\n\t\t\t\t\t\t\t\t\t\t\t\t\t\t\t\t\t\t\t\t\t\t\t\t\t<h5>Freude am Zugfahren<\/h5>\t\t\t\t\t\t\t\t\t\t\t\t\t\t\t\t\t\t\t\t\t\t\t\t\t<p>Das optimierte Design des Zuges sorgt f\u00fcr h\u00f6chsten Fahrgastkomfort. Der einladende Innenraum mit gro\u00dfer Nettonutzfl\u00e4che und breiten Wagenu\u0308berg\u00e4ngen bietet einen freien Blick durch das gesamte Fahrzeug. Dies erh\u00f6ht die Reisequalit\u00e4t und das Sicherheitsempfinden der Fahrg\u00e4ste. Zugleich \u00fcberzeugt der Mireo Smart durch Stellpl\u00e4tze f\u00fcr Fahrr\u00e4der und Kinderw\u00e4gen. Extra Rollstuhlpl\u00e4tze und zwei optionale Einstiegsh\u00f6hen f\u00fcr ebenerdigen Zugang erm\u00f6glichen ein barrierefreies Reisen am und im Zug.<\/p>\n\t\t\t\t\t\t\t\t\t\t\t\t\t\t\t\t\t\t\t\t\t\t\t<\/div>\n\n\t\t\t\t\t\t<\/div>\n\n\t\t\t\t\t\n\t\t\t\t\t\t<div class=\"col-12\">\n\n\t\t\t\t\t\t\t<div class=\"snk-textTeaser-block\">\n\t\t\t\t\t\t\t\t\t\t\t\t\t\t\t\t\t\t\t\t\t\t\t\t\t<h5>Technologie, die Sinn macht<\/h5>\t\t\t\t\t\t\t\t\t\t\t\t\t\t\t\t\t\t\t\t\t\t\t\t\t<p>Ausgestattet mit ETCS, PZB (Punktf\u00f6rmiger Zugbeeinflussung) und weiteren innovativen technischen L\u00f6sungen ist der Mireo Smart fit f\u00fcr die Zukunft. F\u00fcr zeitgem\u00e4\u00dfes Reisen sorgen Ladem\u00f6glichkeiten am Platz, durchg\u00e4ngiges WLAN und die Einhaltung aktueller Cybersecurity-Standards.<\/p>\n<p>&nbsp;<\/p>\n<p><a href=\"https:\/\/www.mobility.siemens.com\/global\/de\/portfolio\/fahrzeuge\/commuter-und-regionalzuege\/mireo\/mireo-smart.html\" target=\"_blank\">Mehr zum Mireo Smart<\/a><\/p>\n\t\t\t\t\t\t\t\t\t\t\t\t\t\t\t\t\t\t\t\t\t\t\t<\/div>\n\n\t\t\t\t\t\t<\/div>\n\n\t\t\t\t\t\n\t\t\t\t\t<\/div>\n\n\t\t\t\t<\/div>\n\t\t\t\t\n\t\t\t<\/div>\n\t\t<\/div>\n\t<\/section>\n\n\t\n\n\t<section class=\"snk-textTeaser snk-section snk-textTeaser_list snk-section-text snk-bg_3 \">\n\t\t<div class=\"container\">\n\t\t\t<div class=\"row\">\n\n\t\t\t\t<div class=\"col-lg-5 col-xl-5 snk-textTeaser-left\">\n\t\t\t\t\t\t\t\t\t\t\t<h2 class=\"snk-h1\">Unsere Services<\/h2>\n\t\t\t\t\t\t\t\t\t\t\t\t\t\t\t\t<p class=\"snk-text_l\">Unser Instandhaltungsansatz minimiert die Lebenszykluskosten und -risiken. Dabei richten sich die Instandhaltungsoptionen ganz nach Ihren Bed\u00fcrfnissen.<\/p>\n\t\t\t\t\t\t\t\t\t\t\t\t\t\t\t\t<div class=\"snk-textTeaser-line snk-textTeaser-line_2\"><svg xmlns=\"http:\/\/www.w3.org\/2000\/svg\" width=\"390.2\" height=\"658.2\" fill=\"none\" viewBox=\"0 0 390.2 658.2\"><path stroke=\"#E0FA8A\" stroke-miterlimit=\"10\" stroke-width=\"12\" d=\"m382.8 658.2 1.2-314.4c0-56.3-42.9-102-95.8-102H102.4c-53.3 0-96.4-45.7-96.4-102v2.4L7.2 1\" \/><\/svg><\/div>\n\t\t\t\t\t\t\t\t\t<\/div>\n\n\t\t\t\t\t\t\t\t<div class=\"col-lg-7 offset-xl-1 col-xl-6 snk-textTeaser-right\">\n\n\t\t\t\t\t<div class=\"row\">\n\n\t\t\t\t\t\n\t\t\t\t\t\t<div class=\"col-12\">\n\n\t\t\t\t\t\t\t<div class=\"snk-textTeaser-block\">\n\t\t\t\t\t\t\t\t\t\t\t\t\t\t\t\t\t\t\t\t\t\t\t\t\t<h5>Basis Paket<\/h5>\t\t\t\t\t\t\t\t\t\t\t\t\t\t\t\t\t\t\t\t\t\t\t\t\t<p>Durch ein zentralisiertes Flotten-Instandhaltungsmanagement k\u00f6nnen auch Kleinstflotten mit kurzen Laufzeiten, ohne umfangreiche \u00c4nderungen in der bestehenden Instandhaltungsorganisation, in den laufenden Betrieb integriert werden.<\/p>\n<p>Alle Ersatzteile, zur richtigen Zeit am richtigen Ort ohne Investition in ein Lager oder zus\u00e4tzliche Lagerhaltung.<br \/>\nInstandhaltungsplanung und Verantwortung aus einer Hand und konform mit den ECM-Rollen I, II und III.<\/p>\n<p>Wir stehen von Tag 1, mit einem zentralem Fachexperten-Team zur Verf\u00fcgung. Per Support Center und unseren Digitalen Remote Services ist eine schnelle Fehleranalyse gew\u00e4hrleistet.<\/p>\n<p>Standard-Instandhaltungst\u00e4tigkeiten k\u00f6nnen durch ihr bestehendes Personal ohne aufwendige Schulung jederzeit selbst durchgef\u00fchrt werden. F\u00fcr alle anderen T\u00e4tigkeiten unterst\u00fctzen wir direkt vor Ort .<\/p>\n\t\t\t\t\t\t\t\t\t\t\t\t\t\t\t\t\t\t\t\t\t\t\t<\/div>\n\n\t\t\t\t\t\t<\/div>\n\n\t\t\t\t\t\n\t\t\t\t\t\t<div class=\"col-12\">\n\n\t\t\t\t\t\t\t<div class=\"snk-textTeaser-block\">\n\t\t\t\t\t\t\t\t\t\t\t\t\t\t\t\t\t\t\t\t\t\t\t\t\t<h5>Erweitertes Paket<\/h5>\t\t\t\t\t\t\t\t\t\t\t\t\t\t\t\t\t\t\t\t\t\t\t\t\t<p>Wir bieten Unterst\u00fctzung vor Ort \u00fcber unser mobiles Team. Dabei k\u00f6nnen, sowohl pr\u00e4ventive Standardleistungen (z.B. IS3, IS4) als auch gezielte Fehleranalysen, sowie Entst\u00f6rung durch uns erfolgen.<\/p>\n\t\t\t\t\t\t\t\t\t\t\t\t\t\t\t\t\t\t\t\t\t\t\t<\/div>\n\n\t\t\t\t\t\t<\/div>\n\n\t\t\t\t\t\n\t\t\t\t\t\t<div class=\"col-12\">\n\n\t\t\t\t\t\t\t<div class=\"snk-textTeaser-block\">\n\t\t\t\t\t\t\t\t\t\t\t\t\t\t\t\t\t\t\t\t\t\t\t\t\t<h5>Komplettpaket<\/h5>\t\t\t\t\t\t\t\t\t\t\t\t\t\t\t\t\t\t\t\t\t\t\t\t\t<p>Mit unserem umfangreichen Full Service Paket profitieren Sie von der gesamten Bandbreite an pr\u00e4ventiven und korrektiven Instandhaltungsleistungen. Ohne selbst t\u00e4tig werden zu m\u00fcssen, warten wir den Mireo Smart in Ihrer vorhandenen Infrastruktur. So k\u00f6nnen Sie sich auf das Kerngesch\u00e4ft und die bestm\u00f6gliche Mobilit\u00e4t Ihrer Passagiere fokussieren.<\/p>\n\t\t\t\t\t\t\t\t\t\t\t\t\t\t\t\t\t\t\t\t\t\t\t<\/div>\n\n\t\t\t\t\t\t<\/div>\n\n\t\t\t\t\t\n\t\t\t\t\t<\/div>\n\n\t\t\t\t<\/div>\n\t\t\t\t\n\t\t\t<\/div>\n\t\t<\/div>\n\t<\/section>\n\n\t\n\n\t<section class=\"snk-textTeaser snk-section snk-textTeaser_list snk-section-text snk-bg_3 \">\n\t\t<div class=\"container\">\n\t\t\t<div class=\"row\">\n\n\t\t\t\t<div class=\"col-lg-5 col-xl-5 snk-textTeaser-left\">\n\t\t\t\t\t\t\t\t\t\t\t<h2 class=\"snk-h1\">So funktioniert Smart Train Lease<\/h2>\n\t\t\t\t\t\t\t\t\t\t\t\t\t\t\t\t\t\t\t\t\t<div class=\"snk-textTeaser-line snk-textTeaser-line_3\"><svg xmlns=\"http:\/\/www.w3.org\/2000\/svg\" width=\"453\" height=\"377\" fill=\"none\" viewBox=\"0 0 453 377\"><path stroke=\"#E0FA8A\" stroke-miterlimit=\"10\" stroke-width=\"12\" d=\"m445.4 376 .9-69v1.8c0-42.6-32.6-77.2-72.9-77.2H78.5c-40 0-72.5-34.5-72.5-77.2s32.4-77.2 72.5-77.2h218c40.2 0 72.7-34.5 72.7-77.2\" \/><\/svg><\/div>\n\t\t\t\t\t\t\t\t\t<\/div>\n\n\t\t\t\t\t\t\t\t<div class=\"col-lg-7 offset-xl-1 col-xl-6 snk-textTeaser-right\">\n\n\t\t\t\t\t<div class=\"row\">\n\n\t\t\t\t\t\n\t\t\t\t\t\t<div class=\"col-12\">\n\n\t\t\t\t\t\t\t<div class=\"snk-textTeaser-block\">\n\t\t\t\t\t\t\t\t\t\t\t\t\t\t\t\t\t\t\t\t\t\t\t\t\t<h5>Anfrage starten <\/h5>\t\t\t\t\t\t\t\t\t\t\t\t\t\t\t\t\t\t\t\t\t\t\t\t\t<p>Anfrage an Smart Train Lease ganz einfach \u00fcber die Website starten. Weitere Informationen er\u00f6rtern wir dann in einem initialem Gespr\u00e4ch.<\/p>\n\t\t\t\t\t\t\t\t\t\t\t\t\t\t\t\t\t\t\t\t\t\t\t<\/div>\n\n\t\t\t\t\t\t<\/div>\n\n\t\t\t\t\t\n\t\t\t\t\t\t<div class=\"col-12\">\n\n\t\t\t\t\t\t\t<div class=\"snk-textTeaser-block\">\n\t\t\t\t\t\t\t\t\t\t\t\t\t\t\t\t\t\t\t\t\t\t\t\t\t<h5>Assessment<\/h5>\t\t\t\t\t\t\t\t\t\t\t\t\t\t\t\t\t\t\t\t\t\t\t\t\t<p>Wir pr\u00fcfen gemeinsam Ihre Anforderungen und Erwartungen an Smart Train Lease bzgl. Ihrer Mietl\u00f6sung.<\/p>\n\t\t\t\t\t\t\t\t\t\t\t\t\t\t\t\t\t\t\t\t\t\t\t<\/div>\n\n\t\t\t\t\t\t<\/div>\n\n\t\t\t\t\t\n\t\t\t\t\t\t<div class=\"col-12\">\n\n\t\t\t\t\t\t\t<div class=\"snk-textTeaser-block\">\n\t\t\t\t\t\t\t\t\t\t\t\t\t\t\t\t\t\t\t\t\t\t\t\t\t<h5>Standardmietvertrag<\/h5>\t\t\t\t\t\t\t\t\t\t\t\t\t\t\t\t\t\t\t\t\t\t\t\t\t<p>Smart Train Lease stellt einen Standardmietvertrag mit Bedingungen wie Mietdauer, Kosten und Versicherung zur Verf\u00fcgung. Nach Zustimmung beider Parteien wird der Vertrag unterzeichnet.<\/p>\n\t\t\t\t\t\t\t\t\t\t\t\t\t\t\t\t\t\t\t\t\t\t\t<\/div>\n\n\t\t\t\t\t\t<\/div>\n\n\t\t\t\t\t\n\t\t\t\t\t\t<div class=\"col-12\">\n\n\t\t\t\t\t\t\t<div class=\"snk-textTeaser-block\">\n\t\t\t\t\t\t\t\t\t\t\t\t\t\t\t\t\t\t\t\t\t\t\t\t\t<h5>Betriebsstart<\/h5>\t\t\t\t\t\t\t\t\t\t\t\t\t\t\t\t\t\t\t\t\t\t\t\t\t<p>Der Betrieb mit den gemieteten Z\u00fcgen kann beginnen. Ein einfacher Prozess und klare Kommunikation zwischen Smart Train Lease und Ihnen vor und w\u00e4hrend der Miete stellt den Erfolg sicher. <\/p>\n\t\t\t\t\t\t\t\t\t\t\t\t\t\t\t\t\t\t\t\t\t\t\t<\/div>\n\n\t\t\t\t\t\t<\/div>\n\n\t\t\t\t\t\n\t\t\t\t\t<\/div>\n\n\t\t\t\t<\/div>\n\t\t\t\t\n\t\t\t<\/div>\n\t\t<\/div>\n\t<\/section>\n\n\t\n\n\n\n<section class=\"snk-section snk-accordion-section js-accordion-block snk-bg_1\">\n\t<div class=\"snk-accordion-container container\">\n\t\t\t\t<div class=\"snk-accordion-heading\">\n\t\t\t\t\t\t\t<h2>Allgemeine Fragen<\/h2>\n\t\t\t\t\t\t\t\t\t\t\t<\/div>\n\t\t\t\t<div class=\"snk-accordion-wrapper\">\n\t\t\t\t\t\t\t<div class=\"snk-accordion\">\n\t\t\t\t\n\t\t\t\t\t\t\t\t\t\t<div class=\"snk-accordion-item active\" itemscope itemprop=\"mainEntity\" itemtype=\"https:\/\/schema.org\/Question\">\n\t\t\t\t\t\t<div class=\"snk-accordion-header\">\n\t\t\t\t\t\t\t<div class=\"snk-accordion-icon\">\n\t\t\t\t\t\t\t\t<span><\/span>\n\t\t\t\t\t\t\t\t<span><\/span>\n\t\t\t\t\t\t\t<\/div>\n\t\t\t\t\t\t\t<div class=\"snk-accordion-title\" itemprop=\"name\">Buchungsprozess<\/div>\n\t\t\t\t\t\t<\/div>\n\n\t\t\t\t\t\t\t\t\t\t\t\t\t<div class=\"snk-accordion-body\" itemscope itemprop=\"acceptedAnswer\" itemtype=\"https:\/\/schema.org\/Answer\">\n\t\t\t\t\t\t\t\t<div class=\"snk-accordion-content\" itemprop=\"text\">\n\t\t\t\t\t\t\t\t<ol>\n<li><strong>\n<p>Wie k\u00f6nnen wir einen Mireo Smart mieten?<\/p>\n<p><\/strong><\/p>\n<p>Einfach eine Anfrage \u00fcber das Kontaktformular auf der Website starten. Wir kommen dann kurzfristig auf Sie zu und besprechen gemeinsam die n\u00e4chsten Schritte. Gerne k\u00f6nnen Sie sich auch direkt an Ben Dobernecker und Christina<br \/>\nZollner wenden, wir werden uns dann kurzfristig bei Ihnen melden und die<br \/>\nn\u00e4chsten Schritte besprechen.<\/li>\n<li><strong>\n<p>Welche Informationen ben\u00f6tigen wir, um eine Buchung vorzunehmen?<\/p>\n<p><\/strong><\/p>\n<p>Im ersten Schritt sind folgende Informationen hilfreich:<\/p>\n<ul>\n<li>Welcher Mireo Smart ist von Interesse? EMU, BEMU, HEMU<\/li>\n<li>Auf welchem Netz soll der Mireo Smart betrieben werden?<\/li>\n<li>Welche Infrastrukturseitigen Anforderungen gibt?<\/li>\n<li>Wie viele Fahrzeuge sollen angemietet werden?<\/li>\n<li>In welchem Zeitraum sollen die Fahrzeuge angemietet werden?<\/li>\n<li>Auch wenn nicht alle Informationen zur Verf\u00fcgung stehen, k\u00f6nnen Sie gern eine Anfrage starten und wir sammeln dann alle weiteren Informationen gemeinsam.<\/li>\n<\/ul>\n<\/li>\n<li><strong>\n<p>K\u00f6nnen wir die Anzahl der Waggons oder Sitzpl\u00e4tze anpassen?<\/p>\n<p><\/strong><\/p>\n<p>Das Sitzlayout \/ die Konfiguration eines Mireo SMART ist fest. Die Anzahl der Sitzpl\u00e4tze kann allerdings \u00fcber die Kupplung mehrerer Z\u00fcge variiert werden &#8211; bei EMU\u2018s bis zu 4 Z\u00fcge und bei BEMU\u2018s bis zu 3 Z\u00fcge.<\/li>\n<li><strong>\n<p>Wie lange dauert es bis zum Angebot?<\/p>\n<p><\/strong><\/p>\n<p>In der Regel dauert es ein bis zwei Wochen, wenn die Fahrzeuge bereits verf\u00fcgbar sind.<\/li>\n<li><strong>\n<p>Wann kann unterschrieben werden?<\/p>\n<p><\/strong><\/p>\n<p>Direkt nach Erhalt des Angebots. <\/p>\n<p>Ein Beispiel: Anfrage im April, Vertrag im Juni unterschrieben, Fahrzeuge bereits 2 Wochen sp\u00e4ter \u00fcbergeben, Betriebsbeginn Anfang August\n<\/ol>\n\n\t\t\t\t\t\t\t\t\n\t\t\t\t\t\t\t\t<\/div>\n\t\t\t\t\t\t\t<\/div>\n\t\t\t\t\t\t\t\t\t\t\t<\/div>\n\t\t\t\t\t\t\n\t\t\t\t\t\t\t\t\t\t<div class=\"snk-accordion-item\" itemscope itemprop=\"mainEntity\" itemtype=\"https:\/\/schema.org\/Question\">\n\t\t\t\t\t\t<div class=\"snk-accordion-header\">\n\t\t\t\t\t\t\t<div class=\"snk-accordion-icon\">\n\t\t\t\t\t\t\t\t<span><\/span>\n\t\t\t\t\t\t\t\t<span><\/span>\n\t\t\t\t\t\t\t<\/div>\n\t\t\t\t\t\t\t<div class=\"snk-accordion-title\" itemprop=\"name\">Verf\u00fcgbarkeit und Zeitpl\u00e4ne<\/div>\n\t\t\t\t\t\t<\/div>\n\n\t\t\t\t\t\t\t\t\t\t\t\t\t<div class=\"snk-accordion-body\" itemscope itemprop=\"acceptedAnswer\" itemtype=\"https:\/\/schema.org\/Answer\">\n\t\t\t\t\t\t\t\t<div class=\"snk-accordion-content\" itemprop=\"text\">\n\t\t\t\t\t\t\t\t<ol>\n<li><strong>\n<p>Wie fr\u00fch sollten wir eine Buchung vornehmen, um die Verf\u00fcgbarkeit sicherzustellen?<\/p>\n<p><\/strong><\/p>\n<p>Unsere Z\u00fcge k\u00f6nnen bereits mehrere Jahre vorher reserviert werden, frei nach dem Prinzip, wer zuerst kommt, wird als erstes bedient.<\/li>\n<li><strong>\n<p>Gibt es Einschr\u00e4nkungen hinsichtlich der Strecken oder Fahrzeiten?<\/p>\n<p><\/strong><\/p>\n<p>Etwaige Einschr\u00e4nkungen k\u00f6nnen sich aufgrund der Infrastrukturanforderungen ergeben. Dies l\u00e4sst sich aber am besten in einem gemeinsamen Gespr\u00e4ch kl\u00e4ren.<\/li>\n<li><strong>\n<p>K\u00f6nnen wir spezielle Zeiten oder Routen anfragen?<\/p>\n<p><\/strong><\/p>\n<p>Auf jeden Fall. Der Mietzeitraum und auf welcher Strecke oder in welchem Netz der Zug betrieben werden soll, sind wichtige Informationen f\u00fcr die Anfrage.<\/li>\n<li><strong>\n<p>Was bedeutet kurz- und mittelfristige Miete?<\/p>\n<p><\/strong><\/p>\n<p>Im engeren Sinne sprechen wir von 1 bis 5 Jahren, aber es sind auch Mietzeitr\u00e4ume ab 6 Monaten m\u00f6glich und auch \u00fcber 5 Jahren gibt es passende Anwendungsf\u00e4lle, die wir gern pr\u00fcfen.<\/li>\n<\/ol>\n\n\t\t\t\t\t\t\t\t\n\t\t\t\t\t\t\t\t<\/div>\n\t\t\t\t\t\t\t<\/div>\n\t\t\t\t\t\t\t\t\t\t\t<\/div>\n\t\t\t\t\t\t\n\t\t\t\t\t\t\t\t\t\t<div class=\"snk-accordion-item\" itemscope itemprop=\"mainEntity\" itemtype=\"https:\/\/schema.org\/Question\">\n\t\t\t\t\t\t<div class=\"snk-accordion-header\">\n\t\t\t\t\t\t\t<div class=\"snk-accordion-icon\">\n\t\t\t\t\t\t\t\t<span><\/span>\n\t\t\t\t\t\t\t\t<span><\/span>\n\t\t\t\t\t\t\t<\/div>\n\t\t\t\t\t\t\t<div class=\"snk-accordion-title\" itemprop=\"name\">Ausstattung und Anpassungen<\/div>\n\t\t\t\t\t\t<\/div>\n\n\t\t\t\t\t\t\t\t\t\t\t\t\t<div class=\"snk-accordion-body\" itemscope itemprop=\"acceptedAnswer\" itemtype=\"https:\/\/schema.org\/Answer\">\n\t\t\t\t\t\t\t\t<div class=\"snk-accordion-content\" itemprop=\"text\">\n\t\t\t\t\t\t\t\t<ol>\n<li><strong>\n<p>Welche Art von Ausstattung bietet der Mireo Smart an?<\/p>\n<p><\/strong><\/p>\n<p>Der Mireo Smart verf\u00fcgt \u00fcber ein sehr hohes Ausstattungsniveau und kombiniert damit Anforderungen von vielen Aufgabentr\u00e4gern und EVUs. Er ist sogar bereits mit ETCS ausger\u00fcstet.<\/li>\n<li><strong>\n<p>K\u00f6nnen wir spezielle Anpassungen f\u00fcr unsere Anforderungen vornehmen lassen?<\/p>\n<p><\/strong><\/p>\n<p>Der Mireo Smart ist ein standardisiertes Produkt, das mit seinem Design und seiner Ausstattung ein hochperformantes Regionalfahrzeug darstellt. Da die Fahrzeuge bereits produziert sind, stehen sie f\u00fcr eine kurzfristige Betriebsaufnahme zur Verf\u00fcgung und sind daher nur in sehr engem Rahmen anpassbar.<\/li>\n<li><strong>\n<p>Gibt es M\u00f6glichkeiten f\u00fcr Branding oder individuelle Gestaltung des Zuges?<\/p>\n<p><\/strong><\/p>\n<p>Sitzbez\u00fcge und die Au\u00dfenfolierung k\u00f6nnen ver\u00e4ndert werden.<\/li>\n<li><strong>\n<p>Stehpl\u00e4tze und Sitzpl\u00e4tze<\/p>\n<p><\/strong><\/p>\n<p>EMU: 214 Sitzpl\u00e4tze und 200 Stehpl\u00e4tze; 21 Fahrradpl\u00e4tze<br \/>\nBEMU: 122 Sitzpl\u00e4tze und 153 Stehpl\u00e4tze; 12 Fahrradpl\u00e4tze<\/li>\n<\/ol>\n\n\t\t\t\t\t\t\t\t\n\t\t\t\t\t\t\t\t<\/div>\n\t\t\t\t\t\t\t<\/div>\n\t\t\t\t\t\t\t\t\t\t\t<\/div>\n\t\t\t\t\t\t\n\t\t\t\t\t\t\t\t\t\t<div class=\"snk-accordion-item\" itemscope itemprop=\"mainEntity\" itemtype=\"https:\/\/schema.org\/Question\">\n\t\t\t\t\t\t<div class=\"snk-accordion-header\">\n\t\t\t\t\t\t\t<div class=\"snk-accordion-icon\">\n\t\t\t\t\t\t\t\t<span><\/span>\n\t\t\t\t\t\t\t\t<span><\/span>\n\t\t\t\t\t\t\t<\/div>\n\t\t\t\t\t\t\t<div class=\"snk-accordion-title\" itemprop=\"name\">Preise und Zahlungen<\/div>\n\t\t\t\t\t\t<\/div>\n\n\t\t\t\t\t\t\t\t\t\t\t\t\t<div class=\"snk-accordion-body\" itemscope itemprop=\"acceptedAnswer\" itemtype=\"https:\/\/schema.org\/Answer\">\n\t\t\t\t\t\t\t\t<div class=\"snk-accordion-content\" itemprop=\"text\">\n\t\t\t\t\t\t\t\t<ol>\n<li><strong>\n<p>K\u00f6nnen wir Versicherungen anbieten?<\/p>\n<p><\/strong><\/p>\n<p>Maschinenkaskoversicherung: k\u00f6nnen wir optional anbieten.<br \/>\nEVU-Haftpflichtversicherung inkl. Umwelthaftpflicht wird vom Betreiber gestellt.<\/li>\n<li><strong>\n<p>Wie erfolgt die Preisgestaltung f\u00fcr die Zugmiete?<\/p>\n<p><\/strong><\/p>\n<p>Die Zugmiete ist abh\u00e4ngig von vielen Faktoren inklusive der Mietdauer, der Kurzfristigkeit der Anmietung und welcher Service-Level mit der Miete abgeschlossen wird.<\/li>\n<li><strong>\n<p>Gibt es zus\u00e4tzliche Kosten f\u00fcr spezielle Anfragen oder Dienstleistungen?<\/p>\n<p><\/strong><\/p>\n<p>Neben den Z\u00fcgen gibt es verschiedene Service-Level f\u00fcr die Z\u00fcge in Abh\u00e4ngigkeit der vorhandenen Infrastruktur und Erfahrung mit den Fahrzeugen.<\/p>\n<p>Eine dynamische FIS-Anbindung direkt in das lokale RBL (RBL = Rechnergest\u00fctzes Betriebsleitsystem) des Betreibers ist \u00fcber eine Cloudl\u00f6sung m\u00f6glich, an die der Zug fest angebunden ist. Zudem gibt es die M\u00f6glichkeit ein personalisierbarer Fahrgast \u2013 WIFI mit anzumieten.<\/li>\n<li><strong>\n<p>Welche Zahlungsmethoden werden akzeptiert?<\/p>\n<p><\/strong><\/p>\n<p>Die Zahlung erfolgt monatlich \u00fcber den Zeitraum der Miete. Sonderkosten, wie z.B. Anpassungen der Folierung der Z\u00fcge, werden einmalig am Anfang des Mietzeitraums verrechnet.<\/li>\n<\/ol>\n\n\t\t\t\t\t\t\t\t\n\t\t\t\t\t\t\t\t<\/div>\n\t\t\t\t\t\t\t<\/div>\n\t\t\t\t\t\t\t\t\t\t\t<\/div>\n\t\t\t\t\t\t\n\t\t\t\t\t\t\t\t\t\t<div class=\"snk-accordion-item\" itemscope itemprop=\"mainEntity\" itemtype=\"https:\/\/schema.org\/Question\">\n\t\t\t\t\t\t<div class=\"snk-accordion-header\">\n\t\t\t\t\t\t\t<div class=\"snk-accordion-icon\">\n\t\t\t\t\t\t\t\t<span><\/span>\n\t\t\t\t\t\t\t\t<span><\/span>\n\t\t\t\t\t\t\t<\/div>\n\t\t\t\t\t\t\t<div class=\"snk-accordion-title\" itemprop=\"name\">Zug\u00fcbergabe<\/div>\n\t\t\t\t\t\t<\/div>\n\n\t\t\t\t\t\t\t\t\t\t\t\t\t<div class=\"snk-accordion-body\" itemscope itemprop=\"acceptedAnswer\" itemtype=\"https:\/\/schema.org\/Answer\">\n\t\t\t\t\t\t\t\t<div class=\"snk-accordion-content\" itemprop=\"text\">\n\t\t\t\t\t\t\t\t<ol>\n<li><strong>\n<p>Wie l\u00e4uft die \u00dcbergabe des Zuges an uns?<\/p>\n<p><\/strong><\/p>\n<p>Details zur \u00dcbergabe werden im gemeinsamen Gespr\u00e4ch vereinbart. Der Zug wird am vereinbarten Mietort \u00fcbergeben. Smart bedeutet an dieser Stelle auch, dass wir die Betriebsaufnahme mit den Smart Train Lease-Fahrzeugen so einfach wie m\u00f6glich gestalten wollen (hinzuf\u00fcgen)<\/p>\n<p><strong>+ Service:<\/strong><\/li>\n<li><strong>\n<p>Was ist der Unterschied zwischen den Paketen \u201eErweitert\u201c und \u201eKomplett\u201c?<\/p>\n<p><\/strong><\/p>\n<p><strong>Erweitert:<\/strong> Bei schwierigeren Instandhaltungsfristen kommt Personal von Siemens vor Ort und unterst\u00fctzt.<\/p>\n<p><strong>Komplett: <\/strong>Full Service, hier wird neben Material auch das Personal f\u00fcr die Instandhaltungsfristen bereitgestellt.<\/li>\n<li><strong>\n<p>Was sind korrektive und pr\u00e4ventive Ersatzteile?<\/p>\n<p><\/strong><\/p>\n<p>Pr\u00e4ventive: alles, was geplant ist (z.B. Schleifleisten, Rads\u00e4tze etc.)<\/p>\n<p>Korrektive: m\u00e4ngelbedingte\/schadensbedingte Fehler (z.B. kaputte Displays) <\/li>\n<\/ol>\n\n\t\t\t\t\t\t\t\t\n\t\t\t\t\t\t\t\t<\/div>\n\t\t\t\t\t\t\t<\/div>\n\t\t\t\t\t\t\t\t\t\t\t<\/div>\n\t\t\t\t\t\t\n\t\t\t\t\t\t\t\t\t\t<div class=\"snk-accordion-item\" itemscope itemprop=\"mainEntity\" itemtype=\"https:\/\/schema.org\/Question\">\n\t\t\t\t\t\t<div class=\"snk-accordion-header\">\n\t\t\t\t\t\t\t<div class=\"snk-accordion-icon\">\n\t\t\t\t\t\t\t\t<span><\/span>\n\t\t\t\t\t\t\t\t<span><\/span>\n\t\t\t\t\t\t\t<\/div>\n\t\t\t\t\t\t\t<div class=\"snk-accordion-title\" itemprop=\"name\">Fragen zum Mireo Smart<\/div>\n\t\t\t\t\t\t<\/div>\n\n\t\t\t\t\t\t\t\t\t\t\t\t\t<div class=\"snk-accordion-body\" itemscope itemprop=\"acceptedAnswer\" itemtype=\"https:\/\/schema.org\/Answer\">\n\t\t\t\t\t\t\t\t<div class=\"snk-accordion-content\" itemprop=\"text\">\n\t\t\t\t\t\t\t\t<ol>\n<li><strong>In welchen Varianten ist der Mireo Smart erh\u00e4ltlich?<\/strong>Elektrisch und Batterie-Elektrisch<\/li>\n<li><strong>Wie schnell l\u00e4dt die Batterie?<\/strong>Ein Schnellladung der Batterie ist unter optimalen Bedingungen in ca. 10 Minuten m\u00f6glich, zudem kann die Batterie w\u00e4hrend der Fahrt unter Fahrdraht geladen werden<\/li>\n<li><strong>Was ist die Reichweite eines Batteriezuges?<\/strong>Die Mireo Smart Plus B hat eine Reichweite von 80 bis 120km in Abh\u00e4ngigkeit vom Fahrprofil und der Topographie.<\/li>\n<li><strong>Wie ist der Energieverbrauch der Fahrzeuge?<\/strong>Der Energieverbrauch h\u00e4ngt stark am lokalen Fahrprofil, den geographischen Gegebenheiten und dem Haltestellenabstand. Der Mireo Smart ist ein sehr leichtes Fahrzeug und bringt beste Eigenschaften f\u00fcr einen optimalen Energieverbrauch mit.<\/li>\n<li><strong>Inwiefern ist der Zug individualisierbar?<\/strong>Der Zug ist ein vollausgestattetes Produkt. Anpassungen sind nur im Bereich der Au\u00dfenfolierung und der Sitzbez\u00fcge m\u00f6glich.<\/li>\n<\/ol>\n\n\t\t\t\t\t\t\t\t\n\t\t\t\t\t\t\t\t<\/div>\n\t\t\t\t\t\t\t<\/div>\n\t\t\t\t\t\t\t\t\t\t\t<\/div>\n\t\t\t\t\t\t\t\t\t\t<\/div>\n\t\t\t\t\t\t<\/div>\n\t<\/div>\n<\/section>\n\n\t\n\n\n\n<section class=\"snk-section snk-section_slim snk-formComponent snk-bg_3\" id='contactForm'>\n\t<div class=\"container\">\n\t\t<div class=\"row\">\n\t\t\t<div class=\"col-lg-10 col-xl-6 offset-lg-1 offset-xl-3 \">\n\t\t\t\t<h2 class=\"snk-h2\">Jetzt Kontakt aufnehmen<\/h2>\t\t\t\t\t\t\t\t\t\t\t\t<div class=\"snk-formComponent-desc\">\n\t\t\t\t\t<p>Schicken Sie uns Ihre Anfrage \u00fcber dieses Formular. Unser Team steht Ihnen gerne zur Verf\u00fcgung, um Ihre Anfrage zu beantworten.<\/p>\n<p>Smart Train Lease GmbH<br \/>\nE-Mail: <a href=\"mailto:contact@smart-train-lease.com\" data-ste-link-id=\"1565220983.page\/primary\/post-128:1142738748.act@smart-train-lease.com:3123605528\">contact@smart-train-lease.com<\/a><\/p>\n\t\t\t\t<\/div>\n\t\t\t\t\t\t\t\t\t\t\t\t\t<div  class=\"snk-formComponent-code\">\n\t\t\t\t\t\t<div data-form-block-id=\"c186c9d3-beb6-ee11-a569-0022489bd31e\"><\/div> <script src=https:\/\/mktdplp102cdn.azureedge.net\/public\/latest\/js\/form-loader.js?v=1.84.2007><\/script> <div id=\"dNXVf7MLKYeRpJbHkUc3q7hJS1bMYy7HurufehoukitE\"><\/div><script src=https:\/\/mktdplp102cdn.azureedge.net\/public\/latest\/js\/ws-tracking.js?v=1.84.2007><\/script><div class=\"d365-mkt-config\" style=\"display:none\" data-website-id=\"NXVf7MLKYeRpJbHkUc3q7hJS1bMYy7HurufehoukitE\" data-hostname=\"322e30018b7e4846825041773c891f42.svc.dynamics.com\"><\/div>\t\t\t\t\t<\/div>\n\t\t\t\t\t\t\t<\/div>\n\t\t<\/div>\n\t<\/div>\n<\/section>\n\n\n\t","protected":false},"excerpt":{"rendered":"","protected":false},"author":4,"featured_media":0,"parent":0,"menu_order":0,"comment_status":"closed","ping_status":"closed","template":"","meta":{"inline_featured_image":false,"footnotes":""},"acf":[],"yoast_head":"<!-- This site is optimized with the Yoast SEO plugin v21.9.1 - https:\/\/yoast.com\/wordpress\/plugins\/seo\/ -->\n<title>Smart Train Lease | L\u00f6sungen und Services<\/title>\n<meta name=\"description\" content=\"Mieten Sie modernste Z\u00fcge zu fairen Konditionen und profitieren Sie von unseren flexiblen Servicepaketen. Jetzt entdecken!\" \/>\n<meta name=\"robots\" content=\"index, follow, max-snippet:-1, max-image-preview:large, max-video-preview:-1\" \/>\n<link rel=\"canonical\" href=\"https:\/\/www.smart-train-lease.com\/de\/loesungen-und-services\/\" \/>\n<meta property=\"og:locale\" content=\"de_DE\" \/>\n<meta property=\"og:type\" content=\"article\" \/>\n<meta property=\"og:title\" content=\"Smart Train Lease | L\u00f6sungen und Services\" \/>\n<meta property=\"og:description\" content=\"Mieten Sie modernste Z\u00fcge zu fairen Konditionen und profitieren Sie von unseren flexiblen Servicepaketen. Jetzt entdecken!\" \/>\n<meta property=\"og:url\" content=\"https:\/\/www.smart-train-lease.com\/de\/loesungen-und-services\/\" \/>\n<meta property=\"og:site_name\" content=\"Smart Train Lease\" \/>\n<meta property=\"article:modified_time\" content=\"2026-01-26T14:24:28+00:00\" \/>\n<meta name=\"twitter:card\" content=\"summary_large_image\" \/>\n<script type=\"application\/ld+json\" class=\"yoast-schema-graph\">{\"@context\":\"https:\/\/schema.org\",\"@graph\":[{\"@type\":\"WebPage\",\"@id\":\"https:\/\/www.smart-train-lease.com\/de\/loesungen-und-services\/\",\"url\":\"https:\/\/www.smart-train-lease.com\/de\/loesungen-und-services\/\",\"name\":\"Smart Train Lease | L\u00f6sungen und Services\",\"isPartOf\":{\"@id\":\"https:\/\/www.smart-train-lease.com\/de\/#website\"},\"datePublished\":\"2023-12-22T07:58:59+00:00\",\"dateModified\":\"2026-01-26T14:24:28+00:00\",\"description\":\"Mieten Sie modernste Z\u00fcge zu fairen Konditionen und profitieren Sie von unseren flexiblen Servicepaketen. Jetzt entdecken!\",\"breadcrumb\":{\"@id\":\"https:\/\/www.smart-train-lease.com\/de\/loesungen-und-services\/#breadcrumb\"},\"inLanguage\":\"de-DE\",\"potentialAction\":[{\"@type\":\"ReadAction\",\"target\":[\"https:\/\/www.smart-train-lease.com\/de\/loesungen-und-services\/\"]}]},{\"@type\":\"BreadcrumbList\",\"@id\":\"https:\/\/www.smart-train-lease.com\/de\/loesungen-und-services\/#breadcrumb\",\"itemListElement\":[{\"@type\":\"ListItem\",\"position\":1,\"name\":\"Home\",\"item\":\"https:\/\/www.smart-train-lease.com\/de\/\"},{\"@type\":\"ListItem\",\"position\":2,\"name\":\"L\u00f6sungen und Services\"}]},{\"@type\":\"WebSite\",\"@id\":\"https:\/\/www.smart-train-lease.com\/de\/#website\",\"url\":\"https:\/\/www.smart-train-lease.com\/de\/\",\"name\":\"Smart Train Lease\",\"description\":\"\",\"publisher\":{\"@id\":\"https:\/\/www.smart-train-lease.com\/de\/#organization\"},\"potentialAction\":[{\"@type\":\"SearchAction\",\"target\":{\"@type\":\"EntryPoint\",\"urlTemplate\":\"https:\/\/www.smart-train-lease.com\/de\/?s={search_term_string}\"},\"query-input\":\"required name=search_term_string\"}],\"inLanguage\":\"de-DE\"},{\"@type\":\"Organization\",\"@id\":\"https:\/\/www.smart-train-lease.com\/de\/#organization\",\"name\":\"Smart Train Lease\",\"url\":\"https:\/\/www.smart-train-lease.com\/de\/\",\"logo\":{\"@type\":\"ImageObject\",\"inLanguage\":\"de-DE\",\"@id\":\"https:\/\/www.smart-train-lease.com\/de\/#\/schema\/logo\/image\/\",\"url\":\"https:\/\/www.smart-train-lease.com\/wp-content\/uploads\/2023\/12\/header-logo.svg\",\"contentUrl\":\"https:\/\/www.smart-train-lease.com\/wp-content\/uploads\/2023\/12\/header-logo.svg\",\"width\":187,\"height\":40,\"caption\":\"Smart Train Lease\"},\"image\":{\"@id\":\"https:\/\/www.smart-train-lease.com\/de\/#\/schema\/logo\/image\/\"}}]}<\/script>\n<!-- \/ Yoast SEO plugin. -->","yoast_head_json":{"title":"Smart Train Lease | L\u00f6sungen und Services","description":"Mieten Sie modernste Z\u00fcge zu fairen Konditionen und profitieren Sie von unseren flexiblen Servicepaketen. Jetzt entdecken!","robots":{"index":"index","follow":"follow","max-snippet":"max-snippet:-1","max-image-preview":"max-image-preview:large","max-video-preview":"max-video-preview:-1"},"canonical":"https:\/\/www.smart-train-lease.com\/de\/loesungen-und-services\/","og_locale":"de_DE","og_type":"article","og_title":"Smart Train Lease | L\u00f6sungen und Services","og_description":"Mieten Sie modernste Z\u00fcge zu fairen Konditionen und profitieren Sie von unseren flexiblen Servicepaketen. Jetzt entdecken!","og_url":"https:\/\/www.smart-train-lease.com\/de\/loesungen-und-services\/","og_site_name":"Smart Train Lease","article_modified_time":"2026-01-26T14:24:28+00:00","twitter_card":"summary_large_image","schema":{"@context":"https:\/\/schema.org","@graph":[{"@type":"WebPage","@id":"https:\/\/www.smart-train-lease.com\/de\/loesungen-und-services\/","url":"https:\/\/www.smart-train-lease.com\/de\/loesungen-und-services\/","name":"Smart Train Lease | L\u00f6sungen und Services","isPartOf":{"@id":"https:\/\/www.smart-train-lease.com\/de\/#website"},"datePublished":"2023-12-22T07:58:59+00:00","dateModified":"2026-01-26T14:24:28+00:00","description":"Mieten Sie modernste Z\u00fcge zu fairen Konditionen und profitieren Sie von unseren flexiblen Servicepaketen. Jetzt entdecken!","breadcrumb":{"@id":"https:\/\/www.smart-train-lease.com\/de\/loesungen-und-services\/#breadcrumb"},"inLanguage":"de-DE","potentialAction":[{"@type":"ReadAction","target":["https:\/\/www.smart-train-lease.com\/de\/loesungen-und-services\/"]}]},{"@type":"BreadcrumbList","@id":"https:\/\/www.smart-train-lease.com\/de\/loesungen-und-services\/#breadcrumb","itemListElement":[{"@type":"ListItem","position":1,"name":"Home","item":"https:\/\/www.smart-train-lease.com\/de\/"},{"@type":"ListItem","position":2,"name":"L\u00f6sungen und Services"}]},{"@type":"WebSite","@id":"https:\/\/www.smart-train-lease.com\/de\/#website","url":"https:\/\/www.smart-train-lease.com\/de\/","name":"Smart Train Lease","description":"","publisher":{"@id":"https:\/\/www.smart-train-lease.com\/de\/#organization"},"potentialAction":[{"@type":"SearchAction","target":{"@type":"EntryPoint","urlTemplate":"https:\/\/www.smart-train-lease.com\/de\/?s={search_term_string}"},"query-input":"required name=search_term_string"}],"inLanguage":"de-DE"},{"@type":"Organization","@id":"https:\/\/www.smart-train-lease.com\/de\/#organization","name":"Smart Train Lease","url":"https:\/\/www.smart-train-lease.com\/de\/","logo":{"@type":"ImageObject","inLanguage":"de-DE","@id":"https:\/\/www.smart-train-lease.com\/de\/#\/schema\/logo\/image\/","url":"https:\/\/www.smart-train-lease.com\/wp-content\/uploads\/2023\/12\/header-logo.svg","contentUrl":"https:\/\/www.smart-train-lease.com\/wp-content\/uploads\/2023\/12\/header-logo.svg","width":187,"height":40,"caption":"Smart Train Lease"},"image":{"@id":"https:\/\/www.smart-train-lease.com\/de\/#\/schema\/logo\/image\/"}}]}},"_links":{"self":[{"href":"https:\/\/www.smart-train-lease.com\/de\/wp-json\/wp\/v2\/pages\/124"}],"collection":[{"href":"https:\/\/www.smart-train-lease.com\/de\/wp-json\/wp\/v2\/pages"}],"about":[{"href":"https:\/\/www.smart-train-lease.com\/de\/wp-json\/wp\/v2\/types\/page"}],"author":[{"embeddable":true,"href":"https:\/\/www.smart-train-lease.com\/de\/wp-json\/wp\/v2\/users\/4"}],"replies":[{"embeddable":true,"href":"https:\/\/www.smart-train-lease.com\/de\/wp-json\/wp\/v2\/comments?post=124"}],"version-history":[{"count":117,"href":"https:\/\/www.smart-train-lease.com\/de\/wp-json\/wp\/v2\/pages\/124\/revisions"}],"predecessor-version":[{"id":1125,"href":"https:\/\/www.smart-train-lease.com\/de\/wp-json\/wp\/v2\/pages\/124\/revisions\/1125"}],"wp:attachment":[{"href":"https:\/\/www.smart-train-lease.com\/de\/wp-json\/wp\/v2\/media?parent=124"}],"curies":[{"name":"wp","href":"https:\/\/api.w.org\/{rel}","templated":true}]}}